{"id":2553,"date":"2015-06-25T11:40:17","date_gmt":"2015-04-21T10:51:15","guid":{"rendered":"http:\/\/c-glen.com\/?page_id=2553"},"modified":"2018-06-03T11:15:52","modified_gmt":"2018-06-03T10:15:52","slug":"dialogues-dessences-2","status":"publish","type":"page","link":"https:\/\/www.christineglen.com\/sitefr\/fr\/dialogues-dessences-2\/","title":{"rendered":"Dialogues d&rsquo;Essences"},"content":{"rendered":"<div id=\"pl-2553\"  class=\"panel-layout\" ><div id=\"pg-2553-0\"  class=\"panel-grid panel-has-style\" ><div class=\"panel-row-style panel-row-style-for-2553-0\" ><div id=\"pgc-2553-0-0\"  class=\"panel-grid-cell\" ><div id=\"panel-2553-0-0-0\" class=\"so-panel widget widget_sow-editor panel-first-child panel-last-child\" data-index=\"0\" ><div\n\t\t\t\n\t\t\tclass=\"so-widget-sow-editor so-widget-sow-editor-base\"\n\t\t\t\n\t\t>\n<div class=\"siteorigin-widget-tinymce textwidget\">\n\t<h2>Dialogues d'Essences<\/h2>\n<p><img data-attachment-id=\"25338\" data-permalink=\"https:\/\/www.christineglen.com\/sitefr\/fr\/dialogues-dessences-2\/invitation_exposition_20_au_26_janvier_2014_recto-2\/\" data-orig-file=\"https:\/\/i0.wp.com\/www.christineglen.com\/sitefr\/wp-content\/uploads\/2015\/06\/Invitation_exposition_20_au_26_janvier_2014_recto.jpg?fit=420%2C595&amp;ssl=1\" data-orig-size=\"420,595\" data-comments-opened=\"0\" data-image-meta=\"{&quot;aperture&quot;:&quot;0&quot;,&quot;credit&quot;:&quot;&quot;,&quot;camera&quot;:&quot;&quot;,&quot;caption&quot;:&quot;&quot;,&quot;created_timestamp&quot;:&quot;0&quot;,&quot;copyright&quot;:&quot;&quot;,&quot;focal_length&quot;:&quot;0&quot;,&quot;iso&quot;:&quot;0&quot;,&quot;shutter_speed&quot;:&quot;0&quot;,&quot;title&quot;:&quot;&quot;,&quot;orientation&quot;:&quot;0&quot;}\" data-image-title=\"Invitation_exposition_20_au_26_janvier_2014_recto\" data-image-description=\"\" data-image-caption=\"\" data-medium-file=\"https:\/\/i0.wp.com\/www.christineglen.com\/sitefr\/wp-content\/uploads\/2015\/06\/Invitation_exposition_20_au_26_janvier_2014_recto.jpg?fit=318%2C450&amp;ssl=1\" data-large-file=\"https:\/\/i0.wp.com\/www.christineglen.com\/sitefr\/wp-content\/uploads\/2015\/06\/Invitation_exposition_20_au_26_janvier_2014_recto.jpg?fit=420%2C595&amp;ssl=1\" data-recalc-dims=\"1\" loading=\"lazy\" decoding=\"async\" class=\"alignnone size-medium wp-image-25338\" src=\"https:\/\/i0.wp.com\/c-glen.com\/sitefr\/wp-content\/uploads\/2015\/06\/Invitation_exposition_20_au_26_janvier_2014_recto-318x450.jpg?resize=318%2C450\" alt=\"\" width=\"318\" height=\"450\" srcset=\"https:\/\/i0.wp.com\/www.christineglen.com\/sitefr\/wp-content\/uploads\/2015\/06\/Invitation_exposition_20_au_26_janvier_2014_recto.jpg?resize=318%2C450&amp;ssl=1 318w, https:\/\/i0.wp.com\/www.christineglen.com\/sitefr\/wp-content\/uploads\/2015\/06\/Invitation_exposition_20_au_26_janvier_2014_recto.jpg?resize=106%2C150&amp;ssl=1 106w, https:\/\/i0.wp.com\/www.christineglen.com\/sitefr\/wp-content\/uploads\/2015\/06\/Invitation_exposition_20_au_26_janvier_2014_recto.jpg?w=420&amp;ssl=1 420w\" sizes=\"auto, (max-width: 318px) 100vw, 318px\" \/><\/p>\n<\/div>\n<\/div><\/div><\/div><div id=\"pgc-2553-0-1\"  class=\"panel-grid-cell\" ><div id=\"panel-2553-0-1-0\" class=\"so-panel widget widget_sow-editor panel-first-child\" data-index=\"1\" ><div\n\t\t\t\n\t\t\tclass=\"so-widget-sow-editor so-widget-sow-editor-base\"\n\t\t\t\n\t\t><h3 class=\"widget-title\">Le projet en vid\u00e9o (15 minutes)<\/h3>\n<div class=\"siteorigin-widget-tinymce textwidget\">\n\t<\/div>\n<\/div><\/div><div id=\"panel-2553-0-1-1\" class=\"so-panel widget widget_media_video\" data-index=\"2\" ><div style=\"width:100%;\" class=\"wp-video\"><!--[if lt IE 9]><script>document.createElement('video');<\/script><![endif]-->\n<video class=\"wp-video-shortcode\" id=\"video-2553-1\" preload=\"metadata\" controls=\"controls\"><source type=\"video\/youtube\" src=\"https:\/\/www.youtube.com\/watch?v=D1t5VKOVNcI&#038;_=1\" \/><a href=\"https:\/\/www.youtube.com\/watch?v=D1t5VKOVNcI\">https:\/\/www.youtube.com\/watch?v=D1t5VKOVNcI<\/a><\/video><\/div><\/div><div id=\"panel-2553-0-1-2\" class=\"so-panel widget widget_sow-editor panel-last-child\" data-index=\"3\" ><div\n\t\t\t\n\t\t\tclass=\"so-widget-sow-editor so-widget-sow-editor-base\"\n\t\t\t\n\t\t>\n<div class=\"siteorigin-widget-tinymce textwidget\">\n\t<blockquote>\n<p>Ces deux artistes sont touch\u00e9es par la gr\u00e2ce du g\u00e9nie. Et l\u2019art du g\u00e9nie est bien de jeter des ponts sur ce qui est parfois, \u00e9pars.<\/p>\n<h4>Pierre-Emile Girardin<\/h4>\n<p><strong> Directeur de la Revue Art\u2019issime<\/strong><\/p>\n<\/blockquote>\n<p>\u00a0<\/p>\n<blockquote>\n<p>Travailler sur l\u2019articulation entre nos sens, dans ce monde o\u00f9 dominent l\u2019\u00e9clatement et la multiplication des tentations est une cruciale n\u00e9cessit\u00e9.<\/p>\n<h4>Olivier Wahl<\/h4>\n<p><strong>Cr\u00e9ateur du \u00ab\u00a0Laboratoire d\u2019Exposition\u00a0\u00bb<\/strong><\/p>\n<\/blockquote>\n<p>\u00a0<\/p>\n<blockquote>\n<p>Cette expo est l\u2019histoire d\u2019\u00e9motions...avant tout d\u2019\u00e9motions n\u00e9es d\u2019une simple m\u00e9lodie, d\u2019une sonorit\u00e9, d\u2019une odeur, d\u2019une fragrance, d\u2019un flash visuel... offerte par deux artistes \u00e0 fleur de peau, dans l\u2019exercice difficile mais d\u00e9licieux de jeter des ponts entre les sens. Plut\u00f4t que des ponts d\u2019ailleurs, ce sont des fils, des liens aussi fins qu\u2019ils sont subjectifs et que la nature m\u00eame de l\u2019\u00e9motion \u00e0 retranscrire sur la toile est ind\u00e9finissable, intangible et \u00e9ph\u00e9m\u00e8re. O\u00f9 eist la r\u00e9alit\u00e9 quand, \u00e0 la congruence des sens, une \u00e9motion se forme, qui est toute personnelle ? Entre mati\u00e8re et im-mati\u00e8re, nos cinq sens se jouent de notre v\u00e9cu. Ils nous connectent au monde, mais nous isolent aussi dans une r\u00e9alit\u00e9 que nous croyons universelle et qui pourtant n\u2019est que la n\u00f4tre. Ils d\u00e9finissent le champ de notre monde int\u00e9rieur o\u00f9 nous sommes seuls \u00e0 vivre. Comment d\u00e8s lors communiquer, partager ce que nous ressentons ? Deux artistes se sont jet\u00e9es a l\u2019eau, avec des tentatives cr\u00e9atives donc, et au final des surgissements, des propositions surprenantes dans leur vari\u00e9t\u00e9, formes, gestuelles, couleurs, une invitation \u00e0 l\u2019ouverture multi sensorielle, pour faire dialoguer nos mondes personnels, vastes et riches, en toute humanit\u00e9.<\/p>\n<h4>Pierre-Emile Girardin<\/h4>\n<p><strong>Journaliste Directeur de la Revue Art'issime<\/strong><\/p>\n<\/blockquote>\n<\/div>\n<\/div><\/div><\/div><\/div><\/div><\/div>","protected":false},"excerpt":{"rendered":"<p>Dialogues d&rsquo;Essences Ces deux artistes sont touch\u00e9es par la gr\u00e2ce du g\u00e9nie. Et l\u2019art du g\u00e9nie est bien de jeter des ponts sur ce qui est parfois, \u00e9pars.Pierre-Emile Girardin Directeur de la Revue Art\u2019issime\u00a0Travailler sur l\u2019articulation entre nos sens, dans ce monde o\u00f9 dominent l\u2019\u00e9clatement et la multiplication des tentations est une cruciale n\u00e9cessit\u00e9.Olivier WahlCr\u00e9ateur [&hellip;]<\/p>\n","protected":false},"author":5,"featured_media":0,"parent":0,"menu_order":0,"comment_status":"closed","ping_status":"closed","template":"","meta":{"_acf_changed":false,"jetpack_post_was_ever_published":false,"footnotes":""},"class_list":["post-2553","page","type-page","status-publish","hentry"],"acf":[],"jetpack_sharing_enabled":true,"jetpack_shortlink":"https:\/\/wp.me\/P8pnLs-Fb","jetpack-related-posts":[],"_links":{"self":[{"href":"https:\/\/www.christineglen.com\/sitefr\/wp-json\/wp\/v2\/pages\/2553","targetHints":{"allow":["GET"]}}],"collection":[{"href":"https:\/\/www.christineglen.com\/sitefr\/wp-json\/wp\/v2\/pages"}],"about":[{"href":"https:\/\/www.christineglen.com\/sitefr\/wp-json\/wp\/v2\/types\/page"}],"author":[{"embeddable":true,"href":"https:\/\/www.christineglen.com\/sitefr\/wp-json\/wp\/v2\/users\/5"}],"replies":[{"embeddable":true,"href":"https:\/\/www.christineglen.com\/sitefr\/wp-json\/wp\/v2\/comments?post=2553"}],"version-history":[{"count":22,"href":"https:\/\/www.christineglen.com\/sitefr\/wp-json\/wp\/v2\/pages\/2553\/revisions"}],"predecessor-version":[{"id":25710,"href":"https:\/\/www.christineglen.com\/sitefr\/wp-json\/wp\/v2\/pages\/2553\/revisions\/25710"}],"wp:attachment":[{"href":"https:\/\/www.christineglen.com\/sitefr\/wp-json\/wp\/v2\/media?parent=2553"}],"curies":[{"name":"wp","href":"https:\/\/api.w.org\/{rel}","templated":true}]}}